{"id":6041,"date":"2021-05-26T14:40:05","date_gmt":"2021-05-26T11:40:05","guid":{"rendered":"http:\/\/85.122.19.109\/?page_id=6041"},"modified":"2024-10-08T14:26:29","modified_gmt":"2024-10-08T11:26:29","slug":"scoli-de-vara","status":"publish","type":"page","link":"https:\/\/www.bio.uaic.ro\/?page_id=6041","title":{"rendered":"\u0218coli de var\u0103"},"content":{"rendered":"<div class=\"wp-block-columns is-style-default is-layout-flex wp-container-core-columns-is-layout-9d6595d7 wp-block-columns-is-layout-flex has-ek-typography\" style=\"\"><div class=\"wp-block-column is-layout-flow wp-block-column-is-layout-flow has-ek-typography\" style=\"\"><div class=\"wp-block-image caption-align-center is-style-editorskit-rounded\"><figure class=\"aligncenter size-large is-resized has-ek-typography\" style=\"\"><img loading=\"lazy\" decoding=\"async\" width=\"280\" height=\"280\" src=\"https:\/\/www.bio.uaic.ro\/wp-content\/uploads\/2019\/10\/ms-icon-310x310-e1573540274455.png\" alt=\"\" class=\"wp-image-72\" style=\"width:128px;height:128px\"><\/figure><\/div>\n\n<p class=\"has-text-align-center has-text-color has-link-color has-medium-font-size wp-elements-9c5aee77ad6e0408b58cb35ff66328ce has-ek-typography\" style=\"color:#0e5820\"><mark style=\"background-color:rgba(0, 0, 0, 0)\" class=\"has-inline-color has-black-color\"><a class=\"ek-link\" href=\"#verde\"><strong>Universitatea &#8222;Alexandru Ioan Cuza&#8221; Ia\u015fi &#8211; &#8222;Facultatea Verde&#8221; (Proiect AG-322)<\/strong><\/a><\/mark><\/p><\/div>\n\n<div class=\"wp-block-column is-layout-flow wp-block-column-is-layout-flow has-ek-typography\" style=\"\"><div class=\"wp-block-image caption-align-center is-style-editorskit-rounded\"><figure class=\"aligncenter size-large is-resized has-ek-typography\" style=\"\"><img loading=\"lazy\" decoding=\"async\" width=\"280\" height=\"280\" src=\"https:\/\/www.bio.uaic.ro\/wp-content\/uploads\/2019\/10\/ms-icon-310x310-e1573540274455.png\" alt=\"\" class=\"wp-image-72\" style=\"width:128px;height:128px\"><\/figure><\/div>\n\n<p class=\"has-text-align-center has-text-color has-link-color has-medium-font-size wp-elements-c7fffd4078f6079eb2deecdf50538c0e has-ek-typography\" style=\"color:#0e5820\"><mark style=\"background-color:rgba(0, 0, 0, 0)\" class=\"has-inline-color has-black-color\"><a class=\"ek-link\" href=\"#orange\"><strong>Universitatea &#8222;Alexandru Ioan Cuza&#8221; Ia\u015fi &#8211; &#8222;Vara \u0218tiin\u021belor&#8221; (Proiect AG-122)<\/strong><\/a><\/mark><\/p><\/div><\/div>\n\n<div style=\"height:50px\" aria-hidden=\"true\" class=\"wp-block-spacer has-ek-typography\"><\/div>\n\n<h4 class=\"wp-block-heading has-text-align-center has-white-color has-text-color has-background has-ek-typography\" id=\"verde\" style=\"background-color:#0e5820\"><strong>Universitatea Alexandru Ioan Cuza Ia\u0219i<br> &#8222;Vino la Facultatea Verde&#8221; (Proiect AG-322)<\/strong><\/h4>\n\n\n<div style=\"height:50px\" aria-hidden=\"true\" class=\"wp-block-spacer\"><\/div>\n\n\n\n<h3 class=\"wp-block-heading has-text-align-center\"><strong>\u201eVino la Facultatea VERDE\u201d \u2013 (Facultatea de Biologie)<\/strong><\/h3>\n\n\n\n<h3 class=\"wp-block-heading has-text-align-center\"><strong>Tr\u0103ie\u0219te 2 s\u0103pt\u0103m\u00e2ni de studen\u021bie!<\/strong><\/h3>\n\n\n<p class=\" has-ek-typography\" style=\"\">Particip\u00e2nd la \u0218coala de var\u0103 \u201eVino la Facultatea VERDE\u201d, organizat\u0103 de Facultatea de Biologie \u00een perioada <strong>15.07 \u2013 28.07.2024<\/strong>, vei avea posibilitatea s\u0103 participi la o varietate de activit\u0103\u021bi desf\u0103\u0219urate on site, sub coordonarea profesorilor \u0219i studen\u021bilor Facult\u0103\u021bii de Biologie.<\/p>\n\n<p class=\" has-ek-typography\" style=\"\">Vei beneficia de un program atractiv prin care vei descoperi farmecul, dar \u0219i oportunit\u0103\u021bile vie\u021bii de student al Facult\u0103\u021bii de Biologie a UAIC.<\/p>\n\n<p class=\" has-ek-typography\" style=\"\">\u00cen decursul celor 14 zile, vei participa la:<\/p>\n\n<ul class=\"wp-block-list has-ek-typography\" style=\"\"><li class=\" has-ek-typography\" style=\"\"><strong>Cursuri \u0219i ateliere de specialitate \u00een s\u0103lile \u0219i laboratoarele Facult\u0103\u021bii de Biologie<\/strong> prin care vei experimenta direct facilit\u0103\u021bile \u0219i resursele de studiu ale Facult\u0103\u021bii de Biologie;<\/li>\n\n<li class=\" has-ek-typography\" style=\"\"><strong>Vizite de cunoa\u0219tere a<\/strong> campusului UAIC, inclusiv a modalit\u0103\u021bilor de petrecere a timpului liber;<\/li>\n\n<li class=\" has-ek-typography\" style=\"\"><strong>Deplasare cu autocarul la Sta\u021biunea Biologic\u0103 Marin\u0103 \u201dProf. Dr. Ioan Borcea\u201d de la Agigea,<\/strong> unde se realizeaz\u0103 cercet\u0103ri ale florei \u0219i faunei maritime;<\/li>\n\n<li class=\" has-ek-typography\" style=\"\"><strong>Ateliere de consiliere \u0219i orientare \u00een carier\u0103<\/strong> care te vor ajuta s\u0103 \u00ee\u021bi identifici inclina\u021biile profesionale \u0219i dac\u0103 e\u0219ti potrivit pentru un job verde;<\/li>\n\n<li class=\" has-ek-typography\" style=\"\"><strong>Tururi cultural \u2013 recreative<\/strong>, prin care descoperi atmosfera cultural\u0103 a Ia\u0219ului;<\/li><\/ul>\n\n<p class=\" has-ek-typography\" style=\"\">Pentru buna participare la \u0219coala de var\u0103, vei primi un<strong> kit de elev, care va con\u021bine un rucsac de drume\u021bie, memory stick \u0219i o pelerin\u0103 de ploaie<\/strong>.<\/p>\n\n<h4 class=\"wp-block-heading has-text-align-left has-ek-typography\" style=\"\"><strong><span style=\"background-color:#fcb900\" class=\"has-inline-background\">Documente 2024<\/span><\/strong><\/h4>\n\n<ul class=\"wp-block-list has-ek-typography\" style=\"\"><li class=\" has-ek-typography\" style=\"\">Anun\u021b cu privire la selec\u021bia a trei consultan\u021bi &#8211; studenti supraveghetor in cadrul subproiectului cu $coala de vara ,,Vino la Facultatea VERDE&#8221;. <strong><a href=\"http:\/\/cercetare.bio.uaic.ro\/comunitate\/scolidevara\/facultateaverde\/2024\/2024-Anunt-cu-privire-la-selec%C8%9Bia-a-trei-consultanti-supraveghetori.pdf\" class=\"mtli_attachment mtli_pdf\" target=\"_blank\" aria-label=\"Descarc\u0103 (opens in a new tab)\" rel=\"noreferrer noopener\" class=\"ek-link\">Descarc\u0103<\/a><\/strong><\/li>\n\n\n<li>Anun\u021b cu privire la selec\u021bia unui consultant individual (3 ore) &#8211; reprezentant lig\u0103. <strong><a aria-label=\"Descarc\u0103 (opens in a new tab)\" href=\"http:\/\/cercetare.bio.uaic.ro\/comunitate\/scolidevara\/facultateaverde\/2024\/2024-Anunt-cu-privire-la-selec%C8%9Bia-unui-consultant-individual-%283%20ore%29.pdf\" class=\"mtli_attachment mtli_pdf\" target=\"_blank\" rel=\"noreferrer noopener\" class=\"ek-link\">Descarc\u0103<\/a><\/strong><\/li>\n\n\n\n<li>Anun\u021b cu privire la prelungirea termenului de depunere a dosarelor pentru &#8211; selec\u021bia consultan\u021bilor individuali SCI &#8211; servicii de consultan\u021b\u0103. <strong><a aria-label=\" (opens in a new tab)\" href=\"http:\/\/cercetare.bio.uaic.ro\/comunitate\/scolidevara\/facultateaverde\/2024\/2024-Prelungire-termen-de-depunere-a-dosarelor-pentru-selectia-consultantilor-individuali-SCI.pdf\" class=\"mtli_attachment mtli_pdf\" target=\"_blank\" rel=\"noreferrer noopener\" class=\"ek-link\">Descarc\u0103<\/a><\/strong><\/li>\n\n\n\n<li>Anexa 5.2.2 &#8211; Invita\u0163ia de participare servicii consultan\u0163i individuali (8 ore). <a href=\"http:\/\/cercetare.bio.uaic.ro\/comunitate\/scolidevara\/facultateaverde\/2024\/Anexa%20%205.2.2_VS_Invitatia%20de%20%20participare_suport%20SCI%208h.pdf\" class=\"mtli_attachment mtli_pdf\" class=\"ek-link\"><strong>Descarc\u0103<\/strong><\/a><\/li>\n<\/ul>\n\n<ul class=\"wp-block-list has-ek-typography\" style=\"\">\n<li>Anexa 5.2.2 &#8211; Invita\u0163ia de participare servicii consultan\u0163i individuali reprezentan\u021bi lig\u0103 (8 ore). <a href=\"http:\/\/cercetare.bio.uaic.ro\/comunitate\/scolidevara\/facultateaverde\/2024\/Anexa%20%205.2.2_VS_Invitatia%20de%20%20participare_suport%20_SCI_rep%20liga.pdf\" class=\"mtli_attachment mtli_pdf\" class=\"ek-link\"><strong>Descarc\u0103<\/strong><\/a><\/li>\n<\/ul>\n\n<ul class=\"wp-block-list has-ek-typography\" style=\"\">\n<li>Anexa 5.1 &#8211; Termeni de referin\u0163\u0103 formular pentru achizi\u0163ia de servicii de consultan\u0163\u0103. <a href=\"http:\/\/cercetare.bio.uaic.ro\/comunitate\/scolidevara\/facultateaverde\/2024\/Anexa%20%205.1_VS_Termeni%20de%20%20referinta_suport%20SCI%208h.pdf\" class=\"mtli_attachment mtli_pdf\" class=\"ek-link\"><strong>Descarc\u0103<\/strong><\/a><\/li>\n<\/ul>\n\n<ul class=\"wp-block-list has-ek-typography\" style=\"\">\n<li>Anexa 5.1 &#8211; Termeni de referin\u0163\u0103 formular pentru achizi\u0163ia de servicii de consultan\u0163\u0103 reprezentan\u021bi lig\u0103. <a href=\"http:\/\/cercetare.bio.uaic.ro\/comunitate\/scolidevara\/facultateaverde\/2024\/Anexa%20%205.1_VS_Termeni%20de%20%20referinta_suport_SCI_rep%20liga.pdf\" class=\"mtli_attachment mtli_pdf\" class=\"ek-link\"><strong>Descarc\u0103<\/strong><\/a><\/li>\n<\/ul>\n\n<h4 class=\"wp-block-heading has-text-align-left has-ek-typography\" style=\"\"><strong><span style=\"background-color:#fcb900\" class=\"has-inline-background\">Documente 2023<\/span><\/strong><\/h4>\n\n<div class=\"wp-block-pdf-viewer-block-standard has-ek-typography\" style=\"text-align:left\"><div class=\"uploaded-pdf\"><a href=\"https:\/\/www.bio.uaic.ro\/wp-content\/uploads\/2023\/05\/ANUNT_17-30_IULIE_2023_FACULTATEA_VERDE-1.pdf\" class=\"mtli_attachment mtli_pdf\" data-width=\"\" data-height=\"\"><\/a><\/div><\/div>\n\n<p class=\" has-ek-typography\" style=\"\"><a href=\"http:\/\/cercetare.bio.uaic.ro\/comunitate\/scolidevara\/facultateaverde\/2023\/Anunt-selec%C8%9Bie-servicii-consultan%C5%A3i-individuali-%283%20ore%29.pdf\" class=\"mtli_attachment mtli_pdf\" target=\"_blank\" aria-label=\"Anun\u021b selec\u021bie - servicii consultan\u0163i individuali (3 ore) (opens in a new tab)\" rel=\"noreferrer noopener\" class=\"ek-link\">Anun\u021b selec\u021bie &#8211; servicii consultan\u0163i individuali (3 ore)<\/a><\/p>\n\n<p class=\" has-ek-typography\" style=\"\"><a href=\"http:\/\/cercetare.bio.uaic.ro\/comunitate\/scolidevara\/facultateaverde\/2023\/Anunt-selec%C8%9Bie-servicii-consultan%C5%A3i-individuali-%288%20ore%29.pdf\" class=\"mtli_attachment mtli_pdf\" target=\"_blank\" aria-label=\"Anun\u021b selec\u021bie - servicii consultan\u0163i individuali (8 ore) (opens in a new tab)\" rel=\"noreferrer noopener\" class=\"ek-link\">Anun\u021b selec\u021bie &#8211; servicii consultan\u0163i individuali (8 ore)<\/a><\/p>\n\n<h4 class=\"wp-block-heading has-vivid-red-color has-text-color has-ek-typography\" style=\"\"><strong>Anun\u021b cu privire la prelungirea termenului de depunere a dosarelor pentru &#8211; selec\u021bia consultan\u021bilor individuali SCI &#8211; servicii de consultan\u021b\u0103<\/strong><\/h4>\n\n<div class=\"wp-block-pdf-viewer-block-standard has-ek-typography\" style=\"text-align:left\"><div class=\"uploaded-pdf\"><a href=\"https:\/\/www.bio.uaic.ro\/wp-content\/uploads\/2023\/06\/Iunie-2023-Modificarea-termenului-de-depunere-a-dosarelor-pentru-selectia-consultantilor-individuali-SCI-servicii-de-consultanta.pdf\" class=\"mtli_attachment mtli_pdf\" data-width=\"\" data-height=\"\"><\/a><\/div><\/div>\n\n<ul class=\"wp-block-list has-ek-typography\" style=\"\">\n<li>Anexa 5.2.2 &#8211; <strong>Invita\u0163ia de participare<\/strong> servicii consultan\u0163i individuali (3 ore).<a href=\"http:\/\/cercetare.bio.uaic.ro\/comunitate\/scolidevara\/facultateaverde\/2023\/Anexa%20%205.2.2_VS_Invitatia%20de%20%20participare_suport%20_SCI_rep%20liga.pdf\" class=\"mtli_attachment mtli_pdf\" target=\"_blank\" aria-label=\" Descarc\u0103 (opens in a new tab)\" rel=\"noreferrer noopener\" class=\"ek-link\"> Descarc\u0103<\/a><\/li>\n\n\n\n<li>Anexa 5.2.2 &#8211; <strong>Invita\u0163ia de participare<\/strong> servicii consultan\u0163i individuali (8 ore). <a href=\"http:\/\/cercetare.bio.uaic.ro\/comunitate\/scolidevara\/facultateaverde\/2023\/Anexa%20%205.2.2_VS_Invitatia%20de%20%20participare_suport%20SCI%208h.pdf\" class=\"mtli_attachment mtli_pdf\" target=\"_blank\" aria-label=\"Descarc\u0103 (opens in a new tab)\" rel=\"noreferrer noopener\" class=\"ek-link\">Descarc\u0103<\/a><\/li>\n\n\n\n<li>Anexa 5.1 &#8211; <strong>Termeni de referin\u0163\u0103<\/strong> formular pentru achizi\u0163ia de servicii de consultan\u0163\u0103 (3 ore). <a href=\"http:\/\/cercetare.bio.uaic.ro\/comunitate\/scolidevara\/facultateaverde\/2023\/Anexa%20%205.1_VS_Termeni%20de%20%20referinta_suport_SCI_rep%20liga.pdf\" class=\"mtli_attachment mtli_pdf\" target=\"_blank\" aria-label=\"Descarc\u0103 (opens in a new tab)\" rel=\"noreferrer noopener\" class=\"ek-link\">Descarc\u0103<\/a><\/li>\n\n\n\n<li>Anexa 5.1 &#8211; <strong>Termeni de referin\u0163\u0103<\/strong> formular pentru achizi\u0163ia de servicii de consultan\u0163\u0103 (8 ore). <a href=\"http:\/\/cercetare.bio.uaic.ro\/comunitate\/scolidevara\/facultateaverde\/2023\/Anexa%20%205.1_VS_Termeni%20de%20%20referinta_suport%20SCI%208h.pdf\" class=\"mtli_attachment mtli_pdf\" target=\"_blank\" aria-label=\"Descarc\u0103 (opens in a new tab)\" rel=\"noreferrer noopener\" class=\"ek-link\">Descarc\u0103<\/a><\/li>\n<\/ul>\n\n<h4 class=\"wp-block-heading has-text-align-left has-ek-typography\" style=\"\"><strong><span style=\"background-color:#fcb900\" class=\"has-inline-background\">Documente 2022<\/span><\/strong><\/h4>\n\n\n<ul class=\"wp-block-list\">\n<li>Anexa 5.2.2 &#8211; <strong>Invita\u0163ia de participare<\/strong> servicii consultan\u0163i individuali (3 ore). <a href=\"http:\/\/cercetare.bio.uaic.ro\/comunitate\/scolidevara\/facultateaverde\/2022\/Anexa%20%205.2.2_VS_Invitatia%20de%20%20participare_suport%20_3%20ore.pdf\" class=\"mtli_attachment mtli_pdf\" target=\"_blank\" aria-label=\" (opens in a new tab)\" rel=\"noreferrer noopener\" class=\"ek-link\">Descarc\u0103<\/a><\/li>\n\n\n\n<li>Anexa 5.2.2 &#8211; <strong>Invita\u0163ia de participare<\/strong> servicii consultan\u0163i individuali (8 ore). <a href=\"http:\/\/cercetare.bio.uaic.ro\/comunitate\/scolidevara\/facultateaverde\/2022\/Anexa%20%205.2.2_VS_Invitatia%20de%20participare_suport%208%20ore.pdf\" class=\"mtli_attachment mtli_pdf\" target=\"_blank\" aria-label=\" (opens in a new tab)\" rel=\"noreferrer noopener\" class=\"ek-link\">Descarc\u0103<\/a><\/li>\n\n\n\n<li>Anexa 5.1 &#8211; <strong>Termeni de referin\u0163\u0103<\/strong> formular pentru achizi\u0163ia de servicii de consultan\u0163\u0103 (3 ore). <a aria-label=\" (opens in a new tab)\" href=\"http:\/\/cercetare.bio.uaic.ro\/comunitate\/scolidevara\/facultateaverde\/2022\/Anexa%205.1_VS_Termeni%20de%20referinta_suport_3%20ore.pdf\" class=\"mtli_attachment mtli_pdf\" target=\"_blank\" rel=\"noreferrer noopener\" class=\"ek-link\">Descarc\u0103<\/a><\/li>\n\n\n\n<li>Anexa 5.1 &#8211; <strong>Termeni de referin\u0163\u0103<\/strong> formular pentru achizi\u0163ia de servicii de consultan\u0163\u0103 (8 ore). <a href=\"http:\/\/cercetare.bio.uaic.ro\/comunitate\/scolidevara\/facultateaverde\/Anexa_5.1_VS_Termeni_de_referinta_suport_8_ore.pdf\" class=\"mtli_attachment mtli_pdf\" target=\"_blank\" rel=\"noreferrer noopener\" class=\"ek-link\">Descarc\u0103<\/a><\/li>\n<\/ul>\n\n\n\n<h4 class=\"wp-block-heading has-text-align-left\"><strong><span style=\"background-color:#fcb900\" class=\"has-inline-background\">Documente 2021<\/span><\/strong><\/h4>\n\n\n\n<ul class=\"wp-block-list is-style-dashed\">\n<li>Anexa 5.2.2 &#8211; <strong>Invita\u0163ia de participare<\/strong> servicii consultan\u0163i individuali (4 ore). <a href=\"http:\/\/cercetare.bio.uaic.ro\/comunitate\/scolidevara\/facultateaverde\/Anexa_5.2.2_VS_Invitatia_de_participare_suport_4_ore.pdf\" class=\"mtli_attachment mtli_pdf\" target=\"_blank\" rel=\"noreferrer noopener\" class=\"ek-link\">Descarc\u0103<\/a><\/li>\n\n\n\n<li>Anexa 5.2.2 &#8211; <strong>Invita\u0163ia de participare<\/strong> servicii consultan\u0163i individuali (8 ore). <a rel=\"noreferrer noopener\" href=\"http:\/\/cercetare.bio.uaic.ro\/comunitate\/scolidevara\/facultateaverde\/Anexa_5.2.2_VS_Invitatia_de_participare_suport_8_ore.pdf\" class=\"mtli_attachment mtli_pdf\" target=\"_blank\">Descarc\u0103<\/a><\/li>\n\n\n\n<li>Anexa 5.1 &#8211; <strong>Termeni de referin\u0163\u0103<\/strong> formular pentru achizi\u0163ia de servicii de consultan\u0163\u0103 (4 ore). <a rel=\"noreferrer noopener\" href=\"http:\/\/cercetare.bio.uaic.ro\/comunitate\/scolidevara\/facultateaverde\/Anexa_5.1_VS_Termeni_de_referinta_suport_4_ore.pdf\" class=\"mtli_attachment mtli_pdf\" target=\"_blank\">Descarc\u0103<\/a><\/li>\n\n\n\n<li>Anexa 5.1 &#8211; <strong>Termeni de referin\u0163\u0103<\/strong> formular pentru achizi\u0163ia de servicii de consultan\u0163\u0103 (8 ore). <a href=\"http:\/\/cercetare.bio.uaic.ro\/comunitate\/scolidevara\/facultateaverde\/Anexa_5.1_VS_Termeni_de_referinta_suport_8_ore.pdf\" class=\"mtli_attachment mtli_pdf\" target=\"_blank\" rel=\"noreferrer noopener\" class=\"ek-link\">Descarc\u0103<\/a><\/li>\n\n\n\n<li>Prelungirea termenului de depunerea dosarelor pentru selec\u021bia consultan\u021bilor individuali SCI-servicii de consultan\u021b\u0103 (reprezentan\u021bi individuali 8 ore\/zi) \u0219i (reprezentan\u021bi lig\u0103 4 ore\/zi) termen limit\u0103 <strong>21.06.2021<\/strong>. <a aria-label=\" (opens in a new tab)\" href=\"http:\/\/cercetare.bio.uaic.ro\/comunitate\/scolidevara\/facultateaverde\/AG_322_Anexa_5.1_VS_Termeni_de_referinta_suport_4_8_ore_prelungire.PDF\" class=\"mtli_attachment mtli_pdf\" target=\"_blank\" rel=\"noreferrer noopener\" class=\"ek-link\">Descarc\u0103<\/a><\/li>\n\n\n\n<li>Prelungirea termenului de depunerea dosarelor pentru selec\u021bia consultan\u021bilor individuali SCI-servicii de consultan\u021b\u0103 (reprezentan\u021bi lig\u0103 4 ore\/zi) termen limit\u0103 <strong>24.06.2021<\/strong>. <a aria-label=\" (opens in a new tab)\" href=\"http:\/\/cercetare.bio.uaic.ro\/comunitate\/scolidevara\/facultateaverde\/AG_322_Anexa_5.1_VS_Termeni_de_referinta_suport_4_ore_prelungire.PDF\" class=\"mtli_attachment mtli_pdf\" target=\"_blank\" rel=\"noreferrer noopener\" class=\"ek-link\">Descarc\u0103<\/a><\/li>\n\n\n\n<li>Noul termen de depunere a dosarelor pentru-selec\u021bia consultan\u021bilor individuali SCI-servicii de consultan\u021b\u0103 termen limit\u0103 <strong>28.06.2021<\/strong>. <a aria-label=\" (opens in a new tab)\" href=\"http:\/\/cercetare.bio.uaic.ro\/comunitate\/scolidevara\/facultateaverde\/AG_322_Anexa_5.1_VS_Termeni_de_referinta_suport_4_ore_prelungire_prelungire.pdf\" class=\"mtli_attachment mtli_pdf\" target=\"_blank\" rel=\"noreferrer noopener\" class=\"ek-link\">Descarc\u0103<\/a><\/li>\n\n\n\n<li>Anun\u021b privind selec\u021bia consultan\u021bilor-reprezentan\u021bi lig\u0103. <a aria-label=\"Descarc\u0103 (opens in a new tab)\" href=\"http:\/\/cercetare.bio.uaic.ro\/comunitate\/scolidevara\/facultateaverde\/ANUNT_SELECTIE_CONSULTANTI_FACULATEA_VERDE_2021.pdf\" class=\"mtli_attachment mtli_pdf\" target=\"_blank\" rel=\"noreferrer noopener\" class=\"ek-link\">Descarc\u0103<\/a><\/li>\n<\/ul>\n\n\n\n<p id=\"4x\"><strong>Contact<\/strong>:<br>Eventualele \u00eentreb\u0103ri \u0219i solicitarea de detalii suplimentare pot fi adresate directorului de proiect, <br>\u0218ef. lucr. dr. Elena TODIRA\u0218CU-CIORNEA (<strong>ciornea@uaic.ro<\/strong>)<\/p>\n\n\n<h4 class=\"wp-block-heading has-text-align-center has-white-color has-luminous-vivid-orange-background-color has-text-color has-background has-ek-typography\" id=\"orange\" style=\"\">Universitatea Alexandru Ioan Cuza Ia\u0219i<br>&#8222;Vara \u0218tiin\u021belor&#8221; (Proiect AG-122)<\/h4>\n\n\n<p><strong>\u201dVara \u015etiin\u0163elor\u201d la Universitatea \u201eAlexandru Ioan Cuza\u201d din Ia\u0219i!<\/strong><br>Sub-proiectul <strong>&#8222;Vara \u015etiin\u021belor&#8221;<\/strong> este promovat de comunitatea academic\u0103 a facult\u0103\u021bilor de Biologie \u0219i Chimie din cadrul Universit\u0103\u021bii \u201eAlexandru Ioan Cuza\u201d din Ia\u015fi, \u00een perioada <strong>11\u201324 iulie 2022<\/strong>.<\/p>\n\n\n\n<h4 class=\"wp-block-heading has-text-align-left\"><strong><span style=\"background-color:#fcb900\" class=\"has-inline-background\">Documente \u00eenscriere SCI 2022<\/span><\/strong><\/h4>\n\n\n\n<ul class=\"wp-block-list is-style-dashed\">\n<li>Anexa 5.2.2 &#8211; <strong>Invita\u0163ia de participare<\/strong> servicii consultan\u0163i individuali (3 ore). <a href=\"http:\/\/cercetare.bio.uaic.ro\/comunitate\/scolidevara\/varastiintelor\/Anexa-5.2.2_VS-2022-Invitatia-de-participare-suport-3-ore.pdf\" class=\"mtli_attachment mtli_pdf\" target=\"_blank\" aria-label=\" (opens in a new tab)\" rel=\"noreferrer noopener\" class=\"ek-link\">Descarc\u0103<\/a><\/li>\n\n\n\n<li>Anexa 5.2.2 &#8211; <strong>Invita\u0163ia de participare<\/strong> servicii consultan\u0163i individuali (8 ore). <a href=\"http:\/\/cercetare.bio.uaic.ro\/comunitate\/scolidevara\/varastiintelor\/Anexa-5.2.2_VS-2022-Invitatia-de-participare-suport-8-ore.pdf\" class=\"mtli_attachment mtli_pdf\" target=\"_blank\" aria-label=\" (opens in a new tab)\" rel=\"noreferrer noopener\" class=\"ek-link\">Descarc\u0103<\/a><\/li>\n\n\n\n<li>Anexa 5.1 &#8211; <strong>Termeni de referin\u0163\u0103<\/strong> formular pentru achizi\u0163ia de servicii de consultan\u0163\u0103 (3 ore). <a href=\"http:\/\/cercetare.bio.uaic.ro\/comunitate\/scolidevara\/varastiintelor\/Anexa-5.1_VS-2022-Termeni-de-referinta-suport-3-ore.pdf\" class=\"mtli_attachment mtli_pdf\" target=\"_blank\" aria-label=\" (opens in a new tab)\" rel=\"noreferrer noopener\" class=\"ek-link\">Descarc\u0103<\/a><\/li>\n\n\n\n<li>Anexa 5.1 &#8211; <strong>Termeni de referin\u0163\u0103<\/strong> formular pentru achizi\u0163ia de servicii de consultan\u0163\u0103 (8 ore). <a href=\"http:\/\/cercetare.bio.uaic.ro\/comunitate\/scolidevara\/varastiintelor\/Anexa-5.1_VS-2022-Termeni-de-referinta-suport-8-ore.pdf\" class=\"mtli_attachment mtli_pdf\" target=\"_blank\" aria-label=\" (opens in a new tab)\" rel=\"noreferrer noopener\" class=\"ek-link\">Descarc\u0103<\/a><\/li>\n<\/ul>\n\n\n\n<p><br><strong>Ce vei \u00eenv\u0103\u0163a?<\/strong><br>Elevii participan\u021bi vor beneficia de un program atractiv, prin care se vor familiariza cu facilit\u0103\u021bile campusului \u015fi vor \u00een\u021belege care sunt principalele repere ale preg\u0103tirii universitare, dar \u0219i oportunit\u0103\u021bile pe care le vor avea dac\u0103 vor alege s\u0103 studieze la Facultatea de Biologie sau la Facultatea de Chimie de la UAIC. Pentru buna desf\u0103\u015furare a \u0219colii de var\u0103, participan\u021bii vor primi c\u00e2te un kit de elev, care va con\u021bine o tablet\u0103 cu trafic de internet mobil inclus, pe care ace\u0219tia o vor folosi \u00een cadrul orelor \u0219i atelierelor \u0219colii de var\u0103 \u0219i, \u00een continuare, ca instrument de optimizare a \u00eenv\u0103\u021b\u0103rii.<br><br>Pe parcursul a 14 zile, prin cursuri captivante, experimente \u0219i activit\u0103\u021bi specifice, elevii \u00ee\u0219i vor putea dezvolta percep\u021bia asupra domeniului \u0219tiin\u021belor \u0219i \u00ee\u0219i vor defini proiecte profesionale de viitor. \u00cen cadrul \u0219colii de var\u0103, se vor derula activit\u0103\u021bii de consiliere \u015fi orientare profesional\u0103, prin care fiecare elev va beneficia de asisten\u021b\u0103 \u00een a-\u015fi defini parcursul academic, \u00een acord cu aspira\u021biile \u015fi cu poten\u021bialul propriu de cunoa\u015ftere. De asemenea, beneficiarii vor participa, virtual, la activit\u0103\u021bi de educa\u021bie pentru s\u0103n\u0103tate \u015fi vor cunoa\u015fte mai bine patrimoniul \u0219tiin\u021bific, artistic \u015fi cultural al Ia\u015fului universitar, fapt care va contribui la \u00een\u021belegerea perspectivelor multiple pe care le presupune via\u021ba de student.<\/p>\n\n\n<div class=\"wp-block-pdf-viewer-block-standard has-ek-typography\" style=\"text-align:left\"><div class=\"uploaded-pdf\"><a href=\"https:\/\/www.bio.uaic.ro\/wp-content\/uploads\/2022\/05\/ANUNT_11-24_IULIE_VARA_STIINTELOR.pdf\" class=\"mtli_attachment mtli_pdf\" data-width=\"\" data-height=\"\"><\/a><\/div><\/div>\n\n<div style=\"height:30px\" aria-hidden=\"true\" class=\"wp-block-spacer has-ek-typography\"><\/div>\n\n\n<h4 class=\"wp-block-heading has-text-align-left\"><strong><span style=\"background-color:#fcb900\" class=\"has-inline-background\">Documente 2021<\/span><\/strong><\/h4>\n\n\n\n<ul class=\"wp-block-list is-style-dashed\">\n<li>Anexa 5.2.2 &#8211; <strong>Invita\u0163ia de participare<\/strong> servicii consultan\u0163i individuali (3 ore). <a rel=\"noreferrer noopener\" href=\"http:\/\/cercetare.bio.uaic.ro\/comunitate\/scolidevara\/varastiintelor\/Anexa%205.2.2_VS-Invitatia%20de%20%20participare%20suport%203%20ore.pdf\" class=\"mtli_attachment mtli_pdf\" target=\"_blank\">Descarc\u0103<\/a><\/li>\n\n\n\n<li>Anexa 5.2.2 &#8211; <strong>Invita\u0163ia de participare<\/strong> servicii consultan\u0163i individuali (8 ore). <a rel=\"noreferrer noopener\" href=\"http:\/\/cercetare.bio.uaic.ro\/comunitate\/scolidevara\/varastiintelor\/Anexa%205.2.2_VS-Invitatia%20de%20%20participare%20suport%208%20ore.pdf\" class=\"mtli_attachment mtli_pdf\" target=\"_blank\">Descarc\u0103<\/a><\/li>\n\n\n\n<li>Anexa 5.1 &#8211; <strong>Termeni de referin\u0163\u0103<\/strong> formular pentru achizi\u0163ia de servicii de consultan\u0163\u0103 (3 ore). <a rel=\"noreferrer noopener\" href=\"http:\/\/cercetare.bio.uaic.ro\/comunitate\/scolidevara\/varastiintelor\/Anexa%205.1_VS-Termeni%20de%20%20referinta%20suport%203%20ore.pdf\" class=\"mtli_attachment mtli_pdf\" target=\"_blank\" class=\"ek-link\">Descarc\u0103<\/a><\/li>\n\n\n\n<li>Anexa 5.1 &#8211; <strong>Termeni de referin\u0163\u0103<\/strong> formular pentru achizi\u0163ia de servicii de consultan\u0163\u0103 (8 ore). <a rel=\"noreferrer noopener\" href=\"http:\/\/cercetare.bio.uaic.ro\/comunitate\/scolidevara\/varastiintelor\/Anexa%205.1_VS-Termeni%20de%20%20referinta%20suport%208%20ore.pdf\" class=\"mtli_attachment mtli_pdf\" target=\"_blank\">Descarc\u0103<\/a><\/li>\n\n\n\n<li>Prelungire termen depunere dosare selec\u021bie SCI. <a rel=\"noreferrer noopener\" href=\"http:\/\/cercetare.bio.uaic.ro\/comunitate\/scolidevara\/varastiintelor\/Prelungire%20termen%20depunere%20dosare%20selectie%20SCI.pdf\" class=\"mtli_attachment mtli_pdf\" target=\"_blank\">Descarc\u0103<\/a><\/li>\n\n\n\n<li>Prelungirea termenului de depunerea dosarelor pentru selec\u021bia consultan\u021bilor individuali SCI-servicii de consultan\u021b\u0103 (reprezentan\u021bi lig\u0103 3 ore\/zi) termen limit\u0103 <strong>21.06.2021<\/strong>. <a aria-label=\" (opens in a new tab)\" href=\"http:\/\/cercetare.bio.uaic.ro\/comunitate\/scolidevara\/varastiintelor\/AG_122_Anexa_5.1_VS_Termeni_de_referinta_suport_3_ore_prelungire_1.PDF\" class=\"mtli_attachment mtli_pdf\" target=\"_blank\" rel=\"noreferrer noopener\" class=\"ek-link\">Descarc\u0103<\/a><\/li>\n\n\n\n<li>Prelungirea termenului de depunerea dosarelor pentru selec\u021bia consultan\u021bilor individuali SCI-servicii de consultan\u021b\u0103 (reprezentan\u021bi lig\u0103 3 ore\/zi) termen limit\u0103 <strong>24.06.2021<\/strong>. <a aria-label=\" (opens in a new tab)\" href=\"http:\/\/cercetare.bio.uaic.ro\/comunitate\/scolidevara\/varastiintelor\/AG_122_Anexa_5.1_VS_Termeni_de_referinta_suport_3_ore_prelungire_2.PDF\" class=\"mtli_attachment mtli_pdf\" target=\"_blank\" rel=\"noreferrer noopener\" class=\"ek-link\">Descarc\u0103<\/a><\/li>\n\n\n\n<li>Noul termen de depunere a dosarelor pentru-selec\u021bia consultan\u021bilor individuali SCI-servicii de consultan\u021b\u0103 termen limit\u0103 <strong>30.06.2021<\/strong>. <a aria-label=\" (opens in a new tab)\" href=\"http:\/\/cercetare.bio.uaic.ro\/comunitate\/scolidevara\/varastiintelor\/AG_122_Anexa_5.1_VS_Termeni_de_referinta_suport_3_ore_prelungire_3.pdf\" class=\"mtli_attachment mtli_pdf\" target=\"_blank\" rel=\"noreferrer noopener\" class=\"ek-link\">Descarc\u0103<\/a><\/li>\n\n\n\n<li>Anun\u021b privind selec\u021bia consultan\u021bilor-studen\u021bi supraveghetori. <a href=\"http:\/\/cercetare.bio.uaic.ro\/comunitate\/scolidevara\/varastiintelor\/ANUNT_SELECTIE_CONSULTANTI_SCOALA_DE_VARA_PENTRU_STIINTE_2021.pdf\" class=\"mtli_attachment mtli_pdf\" target=\"_blank\" aria-label=\"Descarc\u0103 (opens in a new tab)\" rel=\"noreferrer noopener\" class=\"ek-link\">Descarc\u0103<\/a><\/li>\n<\/ul>\n\n\n<figure class=\"wp-block-table aligncenter has-ek-typography\" style=\"\"><table class=\"has-fixed-layout\"><tbody><tr><td class=\"has-text-align-center\" data-align=\"center\"><strong>Contact:<br>Pentru rela\u021bii suplimentare, ne pute\u021bi contacta la adresa<\/strong><\/td><\/tr><\/tbody><\/table><\/figure>\n\n\n<div class=\"wp-block-columns is-layout-flex wp-container-core-columns-is-layout-9d6595d7 wp-block-columns-is-layout-flex\">\n<div class=\"wp-block-column is-layout-flow wp-block-column-is-layout-flow\">\n<p class=\"has-text-align-center\"><strong>rose.pv2020@gmail.com<\/strong><\/p>\n<\/div>\n\n\n\n<div class=\"wp-block-column is-layout-flow wp-block-column-is-layout-flow\">\n<p class=\"has-text-align-center\">tel. <strong>+40 (0232) 20.11.02 int. 2340<\/strong><\/p>\n<\/div>\n<\/div>\n\n\n\n<p><\/p>\n","protected":false},"excerpt":{"rendered":"<p>Universitatea &#8222;Alexandru Ioan Cuza&#8221; Ia\u015fi &#8211; &#8222;Facultatea Verde&#8221; (Proiect AG-322) Universitatea &#8222;Alexandru Ioan Cuza&#8221; Ia\u015fi &#8211; &#8222;Vara \u0218tiin\u021belor&#8221; (Proiect AG-122) Universitatea Alexandru Ioan Cuza Ia\u0219i &#8222;Vino la Facultatea Verde&#8221; (Proiect AG-322) \u201eVino la Facultatea VERDE\u201d \u2013 (Facultatea de Biologie) Tr\u0103ie\u0219te 2 s\u0103pt\u0103m\u00e2ni de studen\u021bie! Particip\u00e2nd la \u0218coala de var\u0103 \u201eVino la Facultatea VERDE\u201d, organizat\u0103 de&hellip; <br \/> <a class=\"read-more\" href=\"https:\/\/www.bio.uaic.ro\/?page_id=6041\">Cite\u0219te mai mult<\/a><\/p>\n","protected":false},"author":1,"featured_media":0,"parent":723,"menu_order":0,"comment_status":"closed","ping_status":"closed","template":"page-templates\/page-with-right-sidebar.php","meta":{"_editorskit_title_hidden":false,"_editorskit_reading_time":3,"_editorskit_is_block_options_detached":false,"_editorskit_block_options_position":"{}","_editorskit_typography_data":[],"_editorskit_blocks_typography":"","_uag_custom_page_level_css":"","footnotes":""},"class_list":["post-6041","page","type-page","status-publish","hentry"],"featured_image_src":null,"uagb_featured_image_src":{"full":false,"thumbnail":false,"medium":false,"medium_large":false,"large":false,"1536x1536":false,"2048x2048":false,"post-thumbnail":false,"mesmerize-full-hd":false},"uagb_author_info":{"display_name":"admin","author_link":"https:\/\/www.bio.uaic.ro\/?author=1"},"uagb_comment_info":0,"uagb_excerpt":"Universitatea &#8222;Alexandru Ioan Cuza&#8221; Ia\u015fi &#8211; &#8222;Facultatea Verde&#8221; (Proiect AG-322) Universitatea &#8222;Alexandru Ioan Cuza&#8221; Ia\u015fi &#8211; &#8222;Vara \u0218tiin\u021belor&#8221; (Proiect AG-122) Universitatea Alexandru Ioan Cuza Ia\u0219i &#8222;Vino la Facultatea Verde&#8221; (Proiect AG-322) \u201eVino la Facultatea VERDE\u201d \u2013 (Facultatea de Biologie) Tr\u0103ie\u0219te 2 s\u0103pt\u0103m\u00e2ni de studen\u021bie! Particip\u00e2nd la \u0218coala de var\u0103 \u201eVino la Facultatea VERDE\u201d, organizat\u0103 de&hellip;&hellip;","_links":{"self":[{"href":"https:\/\/www.bio.uaic.ro\/index.php?rest_route=\/wp\/v2\/pages\/6041","targetHints":{"allow":["GET"]}}],"collection":[{"href":"https:\/\/www.bio.uaic.ro\/index.php?rest_route=\/wp\/v2\/pages"}],"about":[{"href":"https:\/\/www.bio.uaic.ro\/index.php?rest_route=\/wp\/v2\/types\/page"}],"author":[{"embeddable":true,"href":"https:\/\/www.bio.uaic.ro\/index.php?rest_route=\/wp\/v2\/users\/1"}],"replies":[{"embeddable":true,"href":"https:\/\/www.bio.uaic.ro\/index.php?rest_route=%2Fwp%2Fv2%2Fcomments&post=6041"}],"version-history":[{"count":173,"href":"https:\/\/www.bio.uaic.ro\/index.php?rest_route=\/wp\/v2\/pages\/6041\/revisions"}],"predecessor-version":[{"id":20947,"href":"https:\/\/www.bio.uaic.ro\/index.php?rest_route=\/wp\/v2\/pages\/6041\/revisions\/20947"}],"up":[{"embeddable":true,"href":"https:\/\/www.bio.uaic.ro\/index.php?rest_route=\/wp\/v2\/pages\/723"}],"wp:attachment":[{"href":"https:\/\/www.bio.uaic.ro\/index.php?rest_route=%2Fwp%2Fv2%2Fmedia&parent=6041"}],"curies":[{"name":"wp","href":"https:\/\/api.w.org\/{rel}","templated":true}]}}