{"id":484,"date":"2019-11-10T00:33:21","date_gmt":"2019-11-09T22:33:21","guid":{"rendered":"http:\/\/85.122.19.114:81\/wordpress\/?page_id=484"},"modified":"2023-09-04T14:06:52","modified_gmt":"2023-09-04T11:06:52","slug":"misiune-si-obiective","status":"publish","type":"page","link":"https:\/\/www.bio.uaic.ro\/?page_id=484","title":{"rendered":"Misiune \u015fi obiective"},"content":{"rendered":"<figure class=\"wp-block-image size-large is-style-editorskit-rounded has-ek-typography\" style=\"\"><img loading=\"lazy\" decoding=\"async\" width=\"1024\" height=\"294\" src=\"https:\/\/www.bio.uaic.ro\/wp-content\/uploads\/2021\/02\/obiective-1024x294.jpg\" alt=\"dsadadasda\" class=\"wp-image-2096\" srcset=\"https:\/\/www.bio.uaic.ro\/wp-content\/uploads\/2021\/02\/obiective-1024x294.jpg 1024w, https:\/\/www.bio.uaic.ro\/wp-content\/uploads\/2021\/02\/obiective-300x86.jpg 300w, https:\/\/www.bio.uaic.ro\/wp-content\/uploads\/2021\/02\/obiective-768x220.jpg 768w, https:\/\/www.bio.uaic.ro\/wp-content\/uploads\/2021\/02\/obiective.jpg 1280w\" sizes=\"auto, (max-width: 1024px) 100vw, 1024px\" \/><\/figure>\n\n<div style=\"height:25px\" aria-hidden=\"true\" class=\"wp-block-spacer has-ek-typography\"><\/div>\n\n<div class=\"wp-block-buttons is-content-justification-center is-layout-flex wp-container-core-buttons-is-layout-16018d1d wp-block-buttons-is-layout-flex has-ek-typography\" style=\"\"><div class=\"wp-block-button has-custom-width wp-block-button__width-75 has-custom-font-size has-medium-font-size has-ek-typography\" style=\"\"><a class=\"wp-block-button__link has-white-color has-text-color has-background wp-element-button\" style=\"background-color:#0e5820\">Viziune, Misiune \u0219i Cultur\u0103 organiza\u021bional\u0103<\/a><\/div><\/div>\n\n<div style=\"height:25px\" aria-hidden=\"true\" class=\"wp-block-spacer has-ek-typography\"><\/div>\n\n<p class=\"has-text-align-justify has-ek-typography\" style=\"\"><strong>Viziune<\/strong><br><span class=\"has-inline-color has-black-color\">Facultatea de Biologie va deveni un reper de excelen\u0163\u0103 care s\u0103 concentreze, s\u0103 produc\u0103 \u015fi s\u0103 disemineze cunoa\u015ftere avansat\u0103 \u00een domeniul biologiei, at\u00e2t sub aspect teoretic, c\u00e2t \u015fi practic. Facultatea de Biologie se va dezvolta ca o unitate interdisciplinar\u0103 de educa\u0163ie \u015fi cercetare, interconectat\u0103 la nivel local, na\u0163ional \u015fi interna\u0163ional. <\/span><\/p>\n\n<p class=\"has-text-align-justify has-ek-typography\" style=\"\"><strong><strong>Misiune<\/strong>a <\/strong><span class=\"has-inline-color has-black-color\">de \u00eenv\u0103\u0163\u0103m\u00e2nt \u015fi cercetare \u015ftiin\u0163ific\u0103 asumat\u0103 de Facultatea de Biologie se \u00eencadreaz\u0103 \u00een profilul \u015fi specializarea Universit\u0103\u0163ii \u201eAlexandru Ioan Cuza\u201d: formarea de speciali\u015fti pentru \u00eenv\u0103\u0163\u0103m\u00e2nt, \u015ftiin\u0163\u0103, cultur\u0103 \u015fi activitate social-economic\u0103; integrarea \u00een \u015ftiin\u0163a \u015fi cultura universal\u0103; promovarea valorilor culturii na\u0163ionale \u015fi universale; implicarea \u00een procesul de consolidare a spiritualit\u0103\u0163ii europene), \u00een acord cu Carta Universitar\u0103. Misiunea Facult\u0103\u021bii de Biologie este s\u0103 contribuie la: dezvoltarea cunoa\u0219terii sistemelor biologice\/ecologice \u00een interac\u021biunile lor complexe cu mediul abiotic \u0219i socio-economic; instruc\u021bia \u0219i educa\u021bia viitorilor profesioni\u0219ti, \u00eentr-o manier\u0103 interdisciplinar\u0103, fundamentat\u0103 pe excelen\u021b\u0103 academic\u0103, pe baza respect\u0103rii principiilor de integritate ecologic\u0103, justi\u021bie social\u0103 \u0219i economic\u0103; dezvoltarea de servicii c\u0103tre comunitate, prin transfer de cuno\u015ftin\u0163e, privind cre\u0219terea calit\u0103\u021bii vie\u021bii, \u00een acord cu cre\u0219terea calit\u0103\u021bii mediului \u00eenconjur\u0103tor, pentru dezvoltarea sustenabil\u0103 a societ\u0103\u021bii umane.<\/span><\/p>\n\n<p class=\"has-text-align-justify has-ek-typography\" style=\"\"><strong><strong>Cultura organiza\u0163ional\u0103<\/strong> <\/strong><span class=\"has-inline-color has-black-color\"> a Universit\u0103\u021bii \u201eAlexandru Ioan Cuza\u201d din Ia\u0219i este de tip ierarhic, cu accentul pe reguli, ordine, proceduri standardizate, linii clare de autoritate \u00een luarea deciziilor, control \u0219i mecanisme de responsabilizare, promov\u00e2ndu-se un climat puternic formalizat, structurat, orientat spre stabilitate \u0219i predictibilitate. Facultatea de Biologie, se integreaz\u0103 \u00een cultura academic\u0103 a Universit\u0103\u021bii \u201eAlexandru Ioan Cuza\u201d din Ia\u0219i, pun\u00e2nd accent \u0219i pe valorile unui cadru institu\u021bional flexibil, bazat pe: comunicare, cooperare, colaborare, parteneriate, pasiune, creativitate \u0219i inovare.<\/span><\/p>\n\n<div style=\"height:25px\" aria-hidden=\"true\" class=\"wp-block-spacer has-ek-typography\"><\/div>\n\n<div class=\"wp-block-buttons is-content-justification-center is-layout-flex wp-container-core-buttons-is-layout-16018d1d wp-block-buttons-is-layout-flex has-ek-typography has-ek-typography has-ek-typography\" style=\"\"><div class=\"wp-block-button has-custom-width wp-block-button__width-75 has-custom-font-size is-style-fill has-medium-font-size has-ek-typography\" style=\"\"><a class=\"wp-block-button__link has-white-color has-text-color has-background has-text-align-center wp-element-button\" style=\"background-color:#0e5820\">Obiective<\/a><\/div><\/div>\n\n<div style=\"height:25px\" aria-hidden=\"true\" class=\"wp-block-spacer has-ek-typography\"><\/div>\n\n<p class=\" has-ek-typography\" style=\"\"><strong><strong>Pornind de la premisele managementului institu\u021bional promovat de Universitatea \u201eAlexandru Ioan Cuza\u201d din Ia\u0219i, planul strategic al Facult\u0103\u021bii de Biologie pentru perioada 2020-2024 se fundamenteaz\u0103 pe principiile care stau la baza func\u021bion\u0103rii Universit\u0103\u021bii<\/strong><\/strong>:<\/p>\n\n<ol class=\"wp-block-list has-ek-typography\" style=\"\"><li class=\" has-ek-typography\" style=\"\">principiul autonomiei universitare,<\/li>\n\n<li class=\" has-ek-typography\" style=\"\">principiul libert\u0103\u0163ii academice,<\/li>\n\n<li class=\" has-ek-typography\" style=\"\">principiul accesului liber \u015fi egal,<\/li>\n\n<li class=\" has-ek-typography\" style=\"\">principiul r\u0103spunderii publice.<br><\/li><\/ol>\n\n<p class=\" has-ek-typography\" style=\"\"><strong><strong>\u00cen acord cu principiile enun\u021bate anterior, au fost identificate urm\u0103toarele direc\u021bii de dezvoltare institu\u021bional\u0103 ale Facult\u0103\u021bii de Biologie pe perioada urm\u0103torilor patru ani<\/strong>:<\/strong><\/p>\n\n<ul class=\"wp-block-list has-ek-typography\" style=\"\"><li class=\" has-ek-typography\" style=\"\">asigurarea calit\u0103\u0163ii \u015fi flexibilit\u0103\u0163ii programelor universitare de licen\u0163\u0103, masterat \u015fi doctorat, \u00een raport cu cerin\u0163ele educa\u0163ionale actuale;<\/li>\n\n<li class=\" has-ek-typography\" style=\"\">cre\u015fterea performan\u0163ei activit\u0103\u0163ii de cercetare \u015ftiin\u0163ific\u0103, \u00een vederea cre\u015fterii vizibilit\u0103\u0163ii acesteia \u00een aria european\u0103 \u015fi interna\u0163ional\u0103 a cercet\u0103rii;<\/li>\n\n<li class=\" has-ek-typography\" style=\"\">dezvoltarea unei politici coerente \u015fi constructive de dezvoltare a resurselor umane;<\/li>\n\n<li class=\" has-ek-typography\" style=\"\">implementarea, monitorizarea \u0219i revizuirea unui sistem de asigurare a calit\u0103\u0163ii, conform prevederilor cadrului na\u0163ional \u015fi european.<\/li><\/ul>\n\n<p class=\" has-ek-typography\" style=\"\"><strong><strong><strong><span style=\"color:#0e5820\" class=\"has-inline-color\">Obiectiv general<\/span><\/strong><br><\/strong><\/strong><span class=\"has-inline-color has-black-color\">Consolidarea \u0219i \u00eembun\u0103t\u0103\u021birea performan\u021belor didactice \u0219i de cercetare \u0219tiin\u021bific\u0103 ale Facult\u0103\u021bii de Biologie at\u00e2t \u00een r\u00e2ndul institu\u021biilor de profil din \u021bar\u0103 \u0219i str\u0103in\u0103tate c\u00e2t \u0219i \u00een cadrul Universit\u0103\u021bii Alexandru Ioan Cuza din Ia\u0219i.<\/span><\/p>\n\n<p class=\" has-ek-typography\" style=\"\"><strong><span style=\"color:#0e5820\" class=\"has-inline-color\">Obiective specifice<\/span><\/strong><\/p>\n\n<ul class=\"wp-block-list has-ek-typography\" style=\"\"><li class=\" has-ek-typography\" style=\"\">Accentuarea centr\u0103rii pe student a procesului didactic.<\/li>\n\n<li class=\" has-ek-typography\" style=\"\">Diversificarea \u0219i corelarea ofertei academice cu cerin\u021bele pie\u021bei muncii.<\/li>\n\n<li class=\" has-ek-typography\" style=\"\">\u00cembun\u0103t\u0103\u021birea infrastructurii didactice \u0219i de cercetare.<\/li>\n\n<li class=\" has-ek-typography\" style=\"\">Cre\u0219terea vizibilit\u0103\u021bii cercet\u0103rii \u0219tiin\u021bifice.<\/li>\n\n<li class=\" has-ek-typography\" style=\"\">\u00cembun\u0103t\u0103\u021birea activit\u0103\u021bilor ce privesc managementul calit\u0103\u021bii.<\/li>\n\n<li class=\" has-ek-typography\" style=\"\">Consolidarea \u0219i dezvoltarea parteneriatelor cu mediul socio-economic.<\/li>\n\n<li class=\" has-ek-typography\" style=\"\">Asigurarea unui climat adecvat dezvolt\u0103rii profesionale a membrilor comunit\u0103\u021bii academice din Facultatea de Biologie.<\/li><\/ul>","protected":false},"excerpt":{"rendered":"<p>ViziuneFacultatea de Biologie va deveni un reper de excelen\u0163\u0103 care s\u0103 concentreze, s\u0103 produc\u0103 \u015fi s\u0103 disemineze cunoa\u015ftere avansat\u0103 \u00een domeniul biologiei, at\u00e2t sub aspect teoretic, c\u00e2t \u015fi practic. Facultatea de Biologie se va dezvolta ca o unitate interdisciplinar\u0103 de educa\u0163ie \u015fi cercetare, interconectat\u0103 la nivel local, na\u0163ional \u015fi interna\u0163ional. Misiunea de \u00eenv\u0103\u0163\u0103m\u00e2nt \u015fi cercetare&hellip; <br \/> <a class=\"read-more\" href=\"https:\/\/www.bio.uaic.ro\/?page_id=484\">Cite\u0219te mai mult<\/a><\/p>\n","protected":false},"author":2,"featured_media":0,"parent":459,"menu_order":0,"comment_status":"closed","ping_status":"closed","template":"page-templates\/page-with-right-sidebar.php","meta":{"_editorskit_title_hidden":false,"_editorskit_reading_time":2,"_editorskit_is_block_options_detached":false,"_editorskit_block_options_position":"{}","_editorskit_typography_data":[],"_editorskit_blocks_typography":"","_uag_custom_page_level_css":"","footnotes":""},"class_list":["post-484","page","type-page","status-publish","hentry"],"featured_image_src":null,"uagb_featured_image_src":{"full":false,"thumbnail":false,"medium":false,"medium_large":false,"large":false,"1536x1536":false,"2048x2048":false,"post-thumbnail":false,"mesmerize-full-hd":false},"uagb_author_info":{"display_name":"Puiu Ungureanu","author_link":"https:\/\/www.bio.uaic.ro\/?author=2"},"uagb_comment_info":0,"uagb_excerpt":"ViziuneFacultatea de Biologie va deveni un reper de excelen\u0163\u0103 care s\u0103 concentreze, s\u0103 produc\u0103 \u015fi s\u0103 disemineze cunoa\u015ftere avansat\u0103 \u00een domeniul biologiei, at\u00e2t sub aspect teoretic, c\u00e2t \u015fi practic. Facultatea de Biologie se va dezvolta ca o unitate interdisciplinar\u0103 de educa\u0163ie \u015fi cercetare, interconectat\u0103 la nivel local, na\u0163ional \u015fi interna\u0163ional. Misiunea de \u00eenv\u0103\u0163\u0103m\u00e2nt \u015fi cercetare&hellip;&hellip;","_links":{"self":[{"href":"https:\/\/www.bio.uaic.ro\/index.php?rest_route=\/wp\/v2\/pages\/484","targetHints":{"allow":["GET"]}}],"collection":[{"href":"https:\/\/www.bio.uaic.ro\/index.php?rest_route=\/wp\/v2\/pages"}],"about":[{"href":"https:\/\/www.bio.uaic.ro\/index.php?rest_route=\/wp\/v2\/types\/page"}],"author":[{"embeddable":true,"href":"https:\/\/www.bio.uaic.ro\/index.php?rest_route=\/wp\/v2\/users\/2"}],"replies":[{"embeddable":true,"href":"https:\/\/www.bio.uaic.ro\/index.php?rest_route=%2Fwp%2Fv2%2Fcomments&post=484"}],"version-history":[{"count":72,"href":"https:\/\/www.bio.uaic.ro\/index.php?rest_route=\/wp\/v2\/pages\/484\/revisions"}],"predecessor-version":[{"id":24904,"href":"https:\/\/www.bio.uaic.ro\/index.php?rest_route=\/wp\/v2\/pages\/484\/revisions\/24904"}],"up":[{"embeddable":true,"href":"https:\/\/www.bio.uaic.ro\/index.php?rest_route=\/wp\/v2\/pages\/459"}],"wp:attachment":[{"href":"https:\/\/www.bio.uaic.ro\/index.php?rest_route=%2Fwp%2Fv2%2Fmedia&parent=484"}],"curies":[{"name":"wp","href":"https:\/\/api.w.org\/{rel}","templated":true}]}}