{"id":14665,"date":"2022-11-17T14:32:30","date_gmt":"2022-11-17T12:32:30","guid":{"rendered":"https:\/\/www.bio.uaic.ro\/?page_id=14665"},"modified":"2024-11-26T13:44:53","modified_gmt":"2024-11-26T11:44:53","slug":"bioarheologia-tranzitiei-de-la-evul-mediu-la-epoca-moderna-la-est-de-carpati-orase-emergente-din-zona-de-contact-dintre-occident-si-orient","status":"publish","type":"page","link":"https:\/\/www.bio.uaic.ro\/?page_id=14665","title":{"rendered":"Bioarheologia tranzi\u021biei de la Evul Mediu la Epoca Modern\u0103, la est de Carpa\u021bi: ora\u0219e emergente din zona de contact dintre Occident \u0219i Orient"},"content":{"rendered":"<p class=\" has-ek-typography\" style=\"\"><strong>Titlul proiectului:<\/strong> <em>Bioarheologia tranzi\u021biei de la Evul Mediu la Epoca Modern\u0103, la est de Carpa\u021bi: ora\u0219e emergente din zona de contact dintre Occident \u0219i Orient<\/em><\/p>\n\n<p class=\" has-ek-typography\" style=\"\"><em><strong>Acronim:<\/strong> BioarchaeoOldcity<\/em><\/p>\n\n\n<p><em><strong>Cod:<\/strong> PN-III-P4-PCE-2021-1180<\/em><\/p>\n\n\n\n<p><em><strong>Perioad\u0103 de implementare<\/strong>:<\/em> <em>iunie 2022 \u2013 decembrie 2024<\/em><\/p>\n\n\n<div style=\"height:50px\" aria-hidden=\"true\" class=\"wp-block-spacer has-ek-typography\"><\/div>\n\n<div class=\"wp-block-columns are-vertically-aligned-center is-style-default is-layout-flex wp-container-core-columns-is-layout-9d6595d7 wp-block-columns-is-layout-flex has-ek-typography\" style=\"\"><div class=\"wp-block-column is-vertically-aligned-center is-layout-flow wp-block-column-is-layout-flow has-ek-typography\" style=\"\"><div class=\"wp-block-buttons is-horizontal is-content-justification-center is-layout-flex wp-container-core-buttons-is-layout-499968f5 wp-block-buttons-is-layout-flex has-ek-typography\" style=\"\"><div class=\"wp-block-button has-custom-width wp-block-button__width-100 has-ek-typography\" id=\"-Relevan\u021b\u0103\" style=\"\"><a class=\"wp-block-button__link has-white-color has-vivid-cyan-blue-background-color has-text-color has-background has-link-color wp-element-button\" href=\"#Relevanta\" style=\"border-radius:10px\">Relevan\u021ba temei de cercetare<\/a><\/div><\/div>\n\n\n<p class=\"has-text-align-justify\"><\/p>\n\n\n<div class=\"wp-block-buttons is-horizontal is-content-justification-center is-layout-flex wp-container-core-buttons-is-layout-499968f5 wp-block-buttons-is-layout-flex has-ek-typography\" style=\"\"><div class=\"wp-block-button has-custom-width wp-block-button__width-100 has-ek-typography\" style=\"\"><a class=\"wp-block-button__link has-white-color has-text-color has-background has-link-color wp-element-button\" href=\"#obiective\" style=\"border-radius:10px;background-color:#0e5820\">Obiective<\/a><\/div><\/div>\n\n\n<p><\/p>\n\n\n\n<div class=\"wp-block-buttons is-horizontal is-content-justification-center is-layout-flex wp-container-core-buttons-is-layout-499968f5 wp-block-buttons-is-layout-flex\">\n<div class=\"wp-block-button has-custom-width wp-block-button__width-100\"><a class=\"wp-block-button__link has-white-color has-vivid-cyan-blue-background-color has-text-color has-background has-link-color wp-element-button\" href=\"#conf\" style=\"border-radius:10px\">Conferin\u021b\u0103 2024<\/a><\/div>\n<\/div>\n<\/div>\n\n<div class=\"wp-block-column is-vertically-aligned-center is-layout-flow wp-block-column-is-layout-flow has-ek-typography\" style=\"\">\n<div class=\"wp-block-buttons is-horizontal is-content-justification-center is-layout-flex wp-container-core-buttons-is-layout-499968f5 wp-block-buttons-is-layout-flex\">\n<div class=\"wp-block-button has-custom-width wp-block-button__width-100\"><a class=\"wp-block-button__link has-white-color has-vivid-cyan-blue-background-color has-text-color has-background has-link-color wp-element-button\" href=\"#echipa\" style=\"border-radius:10px\">Echipa de cercetare<\/a><\/div>\n<\/div>\n\n\n\n<p class=\"has-text-align-justify\"><\/p>\n\n\n\n<div class=\"wp-block-buttons is-horizontal is-content-justification-center is-layout-flex wp-container-core-buttons-is-layout-499968f5 wp-block-buttons-is-layout-flex\">\n<div class=\"wp-block-button has-custom-width wp-block-button__width-100 is-style-fill\" id=\"Relevanta\"><a class=\"wp-block-button__link has-white-color has-text-color has-background has-link-color wp-element-button mtli_attachment mtli_pdf\" href=\"https:\/\/www.bio.uaic.ro\/wp-content\/uploads\/2024\/11\/Diseminarea-rezultatelor-2022.pdf\" style=\"border-radius:10px;background-color:#0e5820\">Rezultate 2022<\/a><\/div>\n\n\n\n<div class=\"wp-block-button has-custom-width wp-block-button__width-100\" id=\"Relevanta\"><a class=\"wp-block-button__link has-white-color has-text-color has-background has-link-color wp-element-button mtli_attachment mtli_pdf\" href=\"https:\/\/www.bio.uaic.ro\/wp-content\/uploads\/2023\/11\/web-Diseminarea-rezultatelor-2023.pdf\" style=\"border-radius:10px;background-color:#0e5820\">Rezultate 2023<\/a><\/div>\n\n\n\n<div class=\"wp-block-button has-custom-width wp-block-button__width-100\" id=\"Relevanta\"><a class=\"wp-block-button__link has-white-color has-text-color has-background has-link-color wp-element-button mtli_attachment mtli_pdf\" href=\"https:\/\/www.bio.uaic.ro\/wp-content\/uploads\/2024\/11\/2024-Diseminarea-rezultatelor.pdf\" style=\"border-radius:10px;background-color:#0e5820\" target=\"_blank\" rel=\"noreferrer noopener\">Rezultate 2024<\/a><\/div>\n<\/div>\n<\/div><\/div>\n\n<div style=\"height:50px\" aria-hidden=\"true\" class=\"wp-block-spacer has-ek-typography\"><\/div>\n\n<h4 class=\"wp-block-heading has-text-align-center has-white-color has-vivid-cyan-blue-background-color has-text-color has-background has-ek-typography\" style=\"\">Relevan\u021ba temei de cercetare<\/h4>\n\n<ul id=\"obiective\" class=\"wp-block-list is-style-arrow has-ek-typography\" style=\"\"><li class=\" has-ek-typography\" style=\"\">Perioada de tranzi\u021bie de la Evul Mediu la Epoca Modern\u0103 se caracterizeaz\u0103 prin transform\u0103ri importante, derulate pe o perioad\u0103 relativ lung\u0103 de timp, sub impactul unor procese \u0219i fenomene care au schimbat structuri economice, sociale \u0219i mentale, ideologice, demografice etc., conduc\u00e2nd la modernizarea Europei de-a lungul secolelor XVII\/XVIII-XIX, inclusiv a a\u0219ez\u0103rilor urbane din Moldova.<\/li>\n\n<li class=\" has-ek-typography\" style=\"\">Abordarea noastr\u0103 \u0219tiin\u021bific\u0103 vizeaz\u0103 intersec\u021bia a dou\u0103 spa\u021bii (Occident \u0219i Orient), la tranzi\u021bia dintre dou\u0103 perioade (Evul Mediu \u0219i Epoca Modern\u0103), folosind multiple instrumente de studiu (arheologie, istorie, antropologie fizic\u0103, microscopie, arheozoologie, arheobotanic\u0103, ecologie, datare radiocarbon \u0219i analize de izotopi stabili), pentru a \u00een\u021belege mai profund ora\u0219ele emergente, dintr-o perspectiv\u0103 interdisciplinar\u0103.<\/li><\/ul>\n\n\n<div style=\"height:50px\" aria-hidden=\"true\" class=\"wp-block-spacer\"><\/div>\n\n\n<h4 class=\"wp-block-heading has-text-align-center has-white-color has-text-color has-background has-ek-typography\" style=\"background-color:#0e5820\">Obiective<\/h4>\n\n<ul id=\"echipa\" class=\"wp-block-list is-style-arrow has-ek-typography\" style=\"\"><li class=\" has-ek-typography\" style=\"\"><i><strong>Obiectivul 1.<\/strong> Descrierea \u0219i evaluarea contextului arheologic \u0219i istoric al apari\u021biei \u0219i dezvolt\u0103rii structurilor urbane premoderne \u00een teritoriile Carpa\u021bilor de Est. Istoriografie, cuno\u0219tin\u021be, teorii \u0219i idei.<\/i><\/li>\n\n<li class=\" has-ek-typography\" style=\"\"><strong>Obiectivul 2.<\/strong> Investigarea ora\u0219elor premoderne de la est de Carpa\u021bi; leg\u0103tura dintre periferie (comunit\u0103\u021bi rurale) \u0219i centru (ora\u0219e) \u00een secolele XVII\/XVIII-XIX. Surse arheologice, istorice \u0219i etnografice.<\/li>\n\n<li class=\" has-ek-typography\" style=\"\"><strong>Obiectivul 3.<\/strong> Evaluarea paleodemografic\u0103 (frecven\u021be pe grupe de v\u00e2rst\u0103, sex; estim\u0103ri ale mortalit\u0103\u021bii \u0219i speran\u021bei de via\u021b\u0103) \u2013 studiul unor e\u0219antione recent descoperite \u0219i reevaluarea unora studiate anterior, prin metode \u0219i tehnici standardizate la nivel interna\u021bional actual.<\/li>\n\n<li class=\" has-ek-typography\" style=\"\"><strong>Obiectivul 4.<\/strong> Evaluarea dietei populatiilor umane prin analiza macro- si microuzurii dentare, arheozoologie, arheobotanica, analize de izotopi stabili.<\/li>\n\n<li class=\" has-ek-typography\" style=\"\"><strong>Obiectivul 5.<\/strong> Evaluarea diversit\u0103\u021bii fenotipic\u0103 a popula\u021biilor umane prin studii de morfometrie \u0219i morfometrie geometric\u0103 2D\/3D.<\/li>\n\n<li class=\" has-ek-typography\" style=\"\"><strong>Obiectivul 6.<\/strong> Investigarea st\u0103rii de s\u0103n\u0103tate a popula\u021biilor umane prin studiul patologiilor prin macro- \u0219i prin microscopie (paleohistologie). De asemenea, ne propunem s\u0103 preg\u0103tim un t\u00e2n\u0103r cercet\u0103tor pentru analiza paleoparazitologic\u0103.<\/li>\n\n<li class=\" has-ek-typography\" style=\"\"><strong>Obiectivul 7.<\/strong> Explorarea biomarkerilor \u0219i bioindicatorilor de statut \u2013 social, gen, etnie (dup\u0103 diet\u0103, patologii, ocupa\u021bii, morfometrie).<\/li>\n\n<li class=\" has-ek-typography\" style=\"\"><strong>Obiectivul 8.<\/strong> Evaluarea bioindicatorilor de peisaj natural prin arheozoologie, arheobotanica \u0219i \u00eenregistr\u0103ri istorice.<\/li>\n\n<li class=\" has-ek-typography\" style=\"\"><strong>Obiectivul 9.<\/strong> Sintetiza informa\u021bii \u0219i modelarea dinamicii ora\u0219elor premoderne (diacronice \u0219i sincronice) prin integrarea rezultatelor cuantificabile \u0219i prelucrarea datelor prin statistici multivariate.<\/li><\/ul>\n\n\n<div style=\"height:50px\" aria-hidden=\"true\" class=\"wp-block-spacer\"><\/div>\n\n\n<h4 class=\"wp-block-heading has-text-align-center has-white-color has-vivid-cyan-blue-background-color has-text-color has-background has-ek-typography\" style=\"\">Echipa de cercetare<\/h4>\n\n<figure class=\"wp-block-table caption-align-default has-ek-typography\" style=\"\"><table><thead><tr><th class=\"has-text-align-center\" data-align=\"center\">Nr. Crt.<\/th><th class=\"has-text-align-center\" data-align=\"center\">Numele \u0219i Prenumele<\/th><th class=\"has-text-align-center\" data-align=\"center\">Func\u021bia \u00een proiect<\/th><\/tr><\/thead><tbody><tr><td class=\"has-text-align-center\" data-align=\"center\">1,<\/td><td class=\"has-text-align-center\" data-align=\"center\"><strong>Bejenaru Lumini\u021ba<br>UAIC<\/strong><\/td><td class=\"has-text-align-center\" data-align=\"center\">Director proiect<\/td><\/tr><tr><td class=\"has-text-align-center\" data-align=\"center\">2,<\/td><td class=\"has-text-align-center\" data-align=\"center\"><strong>Stanc Margareta Simina<br>UAIC<\/strong><\/td><td class=\"has-text-align-center\" data-align=\"center\">Membru,CS II<\/td><\/tr><tr><td class=\"has-text-align-center\" data-align=\"center\">3,<\/td><td class=\"has-text-align-center\" data-align=\"center\"><strong>Danu Mihaela Aurelia<br>UAIC<\/strong><\/td><td class=\"has-text-align-center\" data-align=\"center\">Membru, CS III<\/td><\/tr><tr><td class=\"has-text-align-center\" data-align=\"center\">4,<\/td><td class=\"has-text-align-center\" data-align=\"center\"><strong>Petraru Ozana-Maria<br>EXTERN<\/strong><\/td><td class=\"has-text-align-center\" data-align=\"center\">Membru, doctorand<\/td><\/tr><tr><td class=\"has-text-align-center\" data-align=\"center\">5,<\/td><td class=\"has-text-align-center\" data-align=\"center\"><strong>Groza Vasilica-Monica<br>EXTERN<\/strong><\/td><td class=\"has-text-align-center\" data-align=\"center\">Membru, CS III<\/td><\/tr><tr><td class=\"has-text-align-center\" data-align=\"center\">6,<\/td><td class=\"has-text-align-center\" data-align=\"center\"><strong>Popovici Mariana<br>EXTERN<\/strong><\/td><td class=\"has-text-align-center\" data-align=\"center\">Membru, CS<\/td><\/tr><tr><td class=\"has-text-align-center\" data-align=\"center\">7,<\/td><td class=\"has-text-align-center\" data-align=\"center\"><strong>P\u00eern\u0103u Ludmila<br>EXTERN<\/strong><\/td><td class=\"has-text-align-center\" data-align=\"center\">Membru, CS<\/td><\/tr><tr><td class=\"has-text-align-center\" data-align=\"center\">8,<\/td><td class=\"has-text-align-center\" data-align=\"center\"><strong>George Bilavschi<br>EXTERN<\/strong><\/td><td class=\"has-text-align-center\" data-align=\"center\">Membru, CS II<\/td><\/tr><tr><td class=\"has-text-align-center\" data-align=\"center\">9,<\/td><td class=\"has-text-align-center\" data-align=\"center\"><strong>Vacant<\/strong><\/td><td class=\"has-text-align-center\" data-align=\"center\">Membru, Postdoctorat<\/td><\/tr><tr><td class=\"has-text-align-center\" data-align=\"center\">10,<\/td><td class=\"has-text-align-center\" data-align=\"center\"><strong>Vacant<\/strong><\/td><td class=\"has-text-align-center\" data-align=\"center\">Membru, doctorand<\/td><\/tr><tr><td class=\"has-text-align-center\" data-align=\"center\">11,<\/td><td class=\"has-text-align-center\" data-align=\"center\"><strong>Vacant<\/strong><\/td><td class=\"has-text-align-center\" data-align=\"center\">Membru, doctorand<\/td><\/tr><\/tbody><\/table><\/figure>\n\n\n<div style=\"height:50px\" aria-hidden=\"true\" id=\"conf\" class=\"wp-block-spacer\"><\/div>\n\n\n<h4 class=\"wp-block-heading has-text-align-center has-white-color has-text-color has-background has-ek-typography\" id=\"inscriere\" style=\"background-color:#0e5820\">Conferin\u021b\u0103 2024<\/h4>\n\n<div class=\"wp-block-columns are-vertically-aligned-center is-style-default is-layout-flex wp-container-core-columns-is-layout-9d6595d7 wp-block-columns-is-layout-flex has-ek-typography\" style=\"\"><div class=\"wp-block-column is-vertically-aligned-center is-layout-flow wp-block-column-is-layout-flow has-ek-typography\" style=\"\"><div class=\"wp-block-buttons is-horizontal is-content-justification-center is-layout-flex wp-container-core-buttons-is-layout-499968f5 wp-block-buttons-is-layout-flex has-ek-typography\" style=\"\"><div class=\"wp-block-button has-custom-width wp-block-button__width-100 has-ek-typography\" id=\"-Relevan\u021b\u0103\" style=\"\"><a class=\"wp-block-button__link has-white-color has-vivid-cyan-blue-background-color has-text-color has-background has-link-color wp-element-button mtli_attachment mtli_pdf\" href=\"https:\/\/www.bio.uaic.ro\/wp-content\/uploads\/2024\/11\/program.pdf\" style=\"border-radius:10px\">Programul conferin\u021bei<\/a><\/div><\/div><\/div>\n\n<div class=\"wp-block-column is-vertically-aligned-center is-layout-flow wp-block-column-is-layout-flow has-ek-typography\" style=\"\">\n<div class=\"wp-block-buttons is-horizontal is-content-justification-center is-layout-flex wp-container-core-buttons-is-layout-499968f5 wp-block-buttons-is-layout-flex\">\n<div class=\"wp-block-button has-custom-width wp-block-button__width-100\"><a class=\"wp-block-button__link has-white-color has-vivid-cyan-blue-background-color has-text-color has-background has-link-color wp-element-button mtli_attachment mtli_pdf\" href=\"https:\/\/www.bio.uaic.ro\/wp-content\/uploads\/2024\/11\/Rezumate.pdf\" style=\"border-radius:10px\">Volum de rezumate<\/a><\/div>\n<\/div>\n<\/div><\/div>\n\n\n<p><\/p>\n\n\n\n<p><\/p>\n","protected":false},"excerpt":{"rendered":"<p>Titlul proiectului: Bioarheologia tranzi\u021biei de la Evul Mediu la Epoca Modern\u0103, la est de Carpa\u021bi: ora\u0219e emergente din zona de contact dintre Occident \u0219i Orient Acronim: BioarchaeoOldcity Cod: PN-III-P4-PCE-2021-1180 Perioad\u0103 de implementare: iunie 2022 \u2013 decembrie 2024 Relevan\u021ba temei de cercetare Obiective Echipa de cercetare Nr. Crt. Numele \u0219i Prenumele Func\u021bia \u00een proiect 1, Bejenaru&hellip; <br \/> <a class=\"read-more\" href=\"https:\/\/www.bio.uaic.ro\/?page_id=14665\">Cite\u0219te mai mult<\/a><\/p>\n","protected":false},"author":1,"featured_media":0,"parent":0,"menu_order":0,"comment_status":"closed","ping_status":"closed","template":"","meta":{"_editorskit_title_hidden":false,"_editorskit_reading_time":2,"_editorskit_is_block_options_detached":false,"_editorskit_block_options_position":"{}","_editorskit_typography_data":[],"_editorskit_blocks_typography":"","_uag_custom_page_level_css":"","footnotes":""},"class_list":["post-14665","page","type-page","status-publish","hentry"],"featured_image_src":null,"uagb_featured_image_src":{"full":false,"thumbnail":false,"medium":false,"medium_large":false,"large":false,"1536x1536":false,"2048x2048":false,"post-thumbnail":false,"mesmerize-full-hd":false},"uagb_author_info":{"display_name":"admin","author_link":"https:\/\/www.bio.uaic.ro\/?author=1"},"uagb_comment_info":0,"uagb_excerpt":"Titlul proiectului: Bioarheologia tranzi\u021biei de la Evul Mediu la Epoca Modern\u0103, la est de Carpa\u021bi: ora\u0219e emergente din zona de contact dintre Occident \u0219i Orient Acronim: BioarchaeoOldcity Cod: PN-III-P4-PCE-2021-1180 Perioad\u0103 de implementare: iunie 2022 \u2013 decembrie 2024 Relevan\u021ba temei de cercetare Obiective Echipa de cercetare Nr. Crt. Numele \u0219i Prenumele Func\u021bia \u00een proiect 1, Bejenaru&hellip;&hellip;","_links":{"self":[{"href":"https:\/\/www.bio.uaic.ro\/index.php?rest_route=\/wp\/v2\/pages\/14665","targetHints":{"allow":["GET"]}}],"collection":[{"href":"https:\/\/www.bio.uaic.ro\/index.php?rest_route=\/wp\/v2\/pages"}],"about":[{"href":"https:\/\/www.bio.uaic.ro\/index.php?rest_route=\/wp\/v2\/types\/page"}],"author":[{"embeddable":true,"href":"https:\/\/www.bio.uaic.ro\/index.php?rest_route=\/wp\/v2\/users\/1"}],"replies":[{"embeddable":true,"href":"https:\/\/www.bio.uaic.ro\/index.php?rest_route=%2Fwp%2Fv2%2Fcomments&post=14665"}],"version-history":[{"count":31,"href":"https:\/\/www.bio.uaic.ro\/index.php?rest_route=\/wp\/v2\/pages\/14665\/revisions"}],"predecessor-version":[{"id":21207,"href":"https:\/\/www.bio.uaic.ro\/index.php?rest_route=\/wp\/v2\/pages\/14665\/revisions\/21207"}],"wp:attachment":[{"href":"https:\/\/www.bio.uaic.ro\/index.php?rest_route=%2Fwp%2Fv2%2Fmedia&parent=14665"}],"curies":[{"name":"wp","href":"https:\/\/api.w.org\/{rel}","templated":true}]}}